{"id":7215,"date":"2025-08-31T20:27:03","date_gmt":"2025-08-31T18:27:03","guid":{"rendered":"https:\/\/www.feas-fias-svs.ch\/?post_type=product&#038;p=7215"},"modified":"2026-01-04T10:02:07","modified_gmt":"2026-01-04T09:02:07","slug":"3-sozialpolitik-2026","status":"publish","type":"product","link":"https:\/\/www.feas-fias-svs.ch\/de\/examens\/3-sozialpolitik-2026\/","title":{"rendered":"3. Sozialpolitik \u2013 2026"},"content":{"rendered":"<p>Die Pr\u00fcfung \"Sozialpolitik\" ist eine m\u00fcndliche Pr\u00fcfung. Sozialversicherungsfachleute informieren \u00fcber aktuelle Ver\u00e4nderungen, Rahmenbedingungen und Herausforderungen der Sozialpolitik und verkn\u00fcpfen diese mit wirtschaftlichen und rechtlichen Aspekten. Sie ber\u00fccksichtigen die demografische Entwicklung und die gesellschaftlichen Strukturen und analysieren die verschiedenen Ma\u00dfnahmen in den unterschiedlichen Bereichen der Sozialversicherung.<\/p>\n","protected":false},"excerpt":{"rendered":"<p>Die Pr\u00fcfung \"Sozialpolitik\" ist eine m\u00fcndliche Pr\u00fcfung. Sozialversicherungsfachleute informieren \u00fcber aktuelle Ver\u00e4nderungen, Rahmenbedingungen und Herausforderungen der Sozialpolitik und verkn\u00fcpfen diese mit wirtschaftlichen und rechtlichen Aspekten. Sie ber\u00fccksichtigen die demografische Entwicklung und die gesellschaftlichen Strukturen und analysieren die verschiedenen Ma\u00dfnahmen in den unterschiedlichen Bereichen der Sozialversicherung.<\/p>\n","protected":false},"featured_media":472,"comment_status":"open","ping_status":"closed","template":"","meta":{"_acf_changed":false,"ub_ctt_via":""},"product_brand":[],"product_cat":[79,93],"product_tag":[],"class_list":{"0":"post-7215","1":"product","2":"type-product","3":"status-publish","4":"has-post-thumbnail","6":"product_cat-deutch","7":"product_cat-pruefung-zusatzdiplom","9":"first","10":"outofstock","11":"sold-individually","12":"shipping-taxable","13":"purchasable","14":"product-type-simple"},"acf":[],"_links":{"self":[{"href":"https:\/\/www.feas-fias-svs.ch\/de\/wp-json\/wp\/v2\/product\/7215","targetHints":{"allow":["GET"]}}],"collection":[{"href":"https:\/\/www.feas-fias-svs.ch\/de\/wp-json\/wp\/v2\/product"}],"about":[{"href":"https:\/\/www.feas-fias-svs.ch\/de\/wp-json\/wp\/v2\/types\/product"}],"replies":[{"embeddable":true,"href":"https:\/\/www.feas-fias-svs.ch\/de\/wp-json\/wp\/v2\/comments?post=7215"}],"wp:featuredmedia":[{"embeddable":true,"href":"https:\/\/www.feas-fias-svs.ch\/de\/wp-json\/wp\/v2\/media\/472"}],"wp:attachment":[{"href":"https:\/\/www.feas-fias-svs.ch\/de\/wp-json\/wp\/v2\/media?parent=7215"}],"wp:term":[{"taxonomy":"product_brand","embeddable":true,"href":"https:\/\/www.feas-fias-svs.ch\/de\/wp-json\/wp\/v2\/product_brand?post=7215"},{"taxonomy":"product_cat","embeddable":true,"href":"https:\/\/www.feas-fias-svs.ch\/de\/wp-json\/wp\/v2\/product_cat?post=7215"},{"taxonomy":"product_tag","embeddable":true,"href":"https:\/\/www.feas-fias-svs.ch\/de\/wp-json\/wp\/v2\/product_tag?post=7215"}],"curies":[{"name":"wp","href":"https:\/\/api.w.org\/{rel}","templated":true}]}}